{"id":966,"date":"2015-01-31T12:11:53","date_gmt":"2015-01-31T11:11:53","guid":{"rendered":"http:\/\/dupainpourchaqueenfant.org\/?page_id=966"},"modified":"2017-07-11T12:01:47","modified_gmt":"2017-07-11T11:01:47","slug":"celebration-de-la-journee-internationale-de-la-paix","status":"publish","type":"page","link":"http:\/\/dupainpourchaqueenfant.org\/?page_id=966","title":{"rendered":"C\u00e9l\u00e9bration de la Journ\u00e9e internationale de la Paix"},"content":{"rendered":"<p style=\"text-align: justify;\"><a href=\"http:\/\/dupainpourchaqueenfant.org\/wp-content\/uploads\/PEACE.jpg\"><img decoding=\"async\" loading=\"lazy\" class=\"alignleft wp-image-861\" src=\"http:\/\/dupainpourchaqueenfant.org\/wp-content\/uploads\/PEACE-300x286.jpg\" alt=\"PEACE\" width=\"294\" height=\"280\" srcset=\"http:\/\/dupainpourchaqueenfant.org\/wp-content\/uploads\/PEACE-300x286.jpg 300w, http:\/\/dupainpourchaqueenfant.org\/wp-content\/uploads\/PEACE-150x143.jpg 150w, http:\/\/dupainpourchaqueenfant.org\/wp-content\/uploads\/PEACE.jpg 346w\" sizes=\"(max-width: 294px) 100vw, 294px\" \/><\/a><span style=\"color: #000000;\">L&#8217;association Du Pain Pour Chaque Enfant, accr\u00e9dit\u00e9e aupr\u00e8s des Nations Unies, a c\u00e9l\u00e9br\u00e9 la Journ\u00e9e internationale de la Paix.<\/span><\/p>\n<p style=\"text-align: justify;\"><span style=\"color: #000000;\">En effet, la Journ\u00e9e internationale de la paix a \u00e9t\u00e9 d\u00e9cid\u00e9e en 1981 en vertu de la <a style=\"color: #000000;\" href=\"http:\/\/www.un.org\/french\/documents\/view_doc.asp?symbol=A\/RES\/36\/67\">r\u00e9solution 36\/67<\/a> instaur\u00e9e par l\u2019Assembl\u00e9e g\u00e9n\u00e9rale des Nations Unies pour cadrer avec sa s\u00e9ance d\u2019ouverture, qui se tient annuellement le troisi\u00e8me mardi de septembre. En 2001, l\u2019Assembl\u00e9e g\u00e9n\u00e9rale a unanimement adopt\u00e9 la <a style=\"color: #000000;\" href=\"http:\/\/www.un.org\/french\/documents\/view_doc.asp?symbol=A\/RES\/55\/282\">r\u00e9solution 55\/282<\/a>, fixant le 21 septembre comme journ\u00e9e annuelle de la paix et de la non-violence.<\/span><\/p>\n<p style=\"text-align: justify;\"><span style=\"color: #000000;\">Par&nbsp;cette c\u00e9l\u00e9bration, l&#8217;association Du Pain Pour Chaque Enfant, souhaite promouvoir le message &#8220;\u0153uvrer pour la paix&#8221; par des actions concretes \u00e0 travers&nbsp;le monde.<\/span><\/p>\n","protected":false},"excerpt":{"rendered":"<p>L&#8217;association Du Pain Pour Chaque Enfant, accr\u00e9dit\u00e9e aupr\u00e8s des Nations Unies, a c\u00e9l\u00e9br\u00e9 la Journ\u00e9e internationale de la Paix. En effet, la Journ\u00e9e internationale de la paix a \u00e9t\u00e9 d\u00e9cid\u00e9e en 1981 en vertu de la r\u00e9solution 36\/67 instaur\u00e9e par l\u2019Assembl\u00e9e g\u00e9n\u00e9rale des Nations Unies pour cadrer avec sa s\u00e9ance d\u2019ouverture, qui se tient annuellement [&hellip;]<\/p>\n","protected":false},"author":1,"featured_media":0,"parent":1134,"menu_order":0,"comment_status":"closed","ping_status":"closed","template":"","meta":[],"_links":{"self":[{"href":"http:\/\/dupainpourchaqueenfant.org\/index.php?rest_route=\/wp\/v2\/pages\/966"}],"collection":[{"href":"http:\/\/dupainpourchaqueenfant.org\/index.php?rest_route=\/wp\/v2\/pages"}],"about":[{"href":"http:\/\/dupainpourchaqueenfant.org\/index.php?rest_route=\/wp\/v2\/types\/page"}],"author":[{"embeddable":true,"href":"http:\/\/dupainpourchaqueenfant.org\/index.php?rest_route=\/wp\/v2\/users\/1"}],"replies":[{"embeddable":true,"href":"http:\/\/dupainpourchaqueenfant.org\/index.php?rest_route=%2Fwp%2Fv2%2Fcomments&post=966"}],"version-history":[{"count":5,"href":"http:\/\/dupainpourchaqueenfant.org\/index.php?rest_route=\/wp\/v2\/pages\/966\/revisions"}],"predecessor-version":[{"id":1136,"href":"http:\/\/dupainpourchaqueenfant.org\/index.php?rest_route=\/wp\/v2\/pages\/966\/revisions\/1136"}],"up":[{"embeddable":true,"href":"http:\/\/dupainpourchaqueenfant.org\/index.php?rest_route=\/wp\/v2\/pages\/1134"}],"wp:attachment":[{"href":"http:\/\/dupainpourchaqueenfant.org\/index.php?rest_route=%2Fwp%2Fv2%2Fmedia&parent=966"}],"curies":[{"name":"wp","href":"https:\/\/api.w.org\/{rel}","templated":true}]}}